{"id":2860,"date":"2022-03-20T13:43:11","date_gmt":"2022-03-20T12:43:11","guid":{"rendered":"https:\/\/anearcantabria.com\/tours\/comillas-capricho-de-gaudi-desde-santander\/"},"modified":"2025-03-18T19:07:24","modified_gmt":"2025-03-18T18:07:24","slug":"comillas-capricho-de-gaudi-desde-santander","status":"publish","type":"tours","link":"https:\/\/anearcantabria.com\/fr\/tours\/comillas-capricho-de-gaudi-desde-santander\/","title":{"rendered":"COMILLAS &#038; CAPRICHO DE GAUDI- DESDE SANTANDER"},"author":11,"featured_media":2854,"template":"","idioma-tour":[107],"actividades":[152,155],"localizaciones":[9],"class_list":["post-2860","tours","type-tours","status-publish","has-post-thumbnail","hentry","idioma-tour-espanol","actividades-arte-y-patrimonio","actividades-experiencias-de-un-dia","localizaciones-cantabria","idioma-tour-"],"blocksy_meta":{"styles_descriptor":{"styles":{"desktop":"","tablet":"","mobile":""},"google_fonts":[],"version":6}},"v2-descripcion":"<p>Emb\u00e1rcate en una fascinante excursi\u00f3n de medio d\u00eda para descubrir <strong>Comillas<\/strong>, un encantador pueblo que es la cuna del modernismo catal\u00e1n y el \u00fanico pueblo modernista de Cantabria. Esta es una visita imprescindible para los amantes de la arquitectura y la historia, donde la belleza y la creatividad se encuentran en cada rinc\u00f3n.<\/p>\r\n<p>&nbsp;<\/p>\r\n<p>Nuestra aventura comienza con la visita al <strong>Palacio de Sobrellano<\/strong>, un imponente edificio neog\u00f3tico que fue originalmente dise\u00f1ado como residencia de verano del marqu\u00e9s de Comillas y su amigo, el rey Alfonso XII. Ubicado en lo alto de una colina, el palacio ofrece unas vistas espectaculares sobre el <strong>Antiguo Seminario Mayor<\/strong> (anteriormente conocida como la Universidad de Comillas), una obra majestuosa realizada por los renombrados arquitectos catalanes <strong>Joan Martorell<\/strong> y <strong>Llu\u00eds Dom\u00e8nech i Montaner<\/strong>, que fusionan diferentes estilos arquitect\u00f3nicos.<\/p>\r\n<p>&nbsp;<\/p>\r\n<p>A continuaci\u00f3n, visitaremos el emblem\u00e1tico <strong>Capricho de Gaud\u00ed<\/strong>, una de las primeras obras modernistas en Espa\u00f1a y uno de los pocos edificios del genio catal\u00e1n fuera de Catalu\u00f1a. Este colorido y \u00fanico palacio es un testimonio de la genialidad de <strong>Antonio Gaud\u00ed<\/strong>, que cautivar\u00e1 a todos los que lo visiten.<\/p>\r\n<p>&nbsp;<\/p>\r\n<p>Antes de regresar, realizaremos un recorrido panor\u00e1mico por <strong>Comillas<\/strong>, explorando sus principales puntos de inter\u00e9s: el <strong>cementerio viejo<\/strong>, la <strong>Casa de la Duquesa<\/strong> y el <strong>monumento a Antonio L\u00f3pez<\/strong>, cada uno de ellos cargado de historia y belleza.<\/p>\r\n<p>&nbsp;<\/p>\r\n<p>En el camino de regreso a Santander, recorreremos la <strong>carretera secundaria de la costa<\/strong>, atravesando pintorescos pueblos peque\u00f1os que a\u00f1adir\u00e1n un toque de encanto a tu experiencia.<\/p>\r\n<p>&nbsp;<\/p>\r\n<p><strong>Informaci\u00f3n b\u00e1sica:<\/strong><\/p>\r\n<p>&nbsp;<\/p>\r\n<ul>\r\n<li style=\"list-style-type: none\">\r\n<ul>\r\n<li><strong>Duraci\u00f3n<\/strong>: 5 horas<\/li>\r\n<\/ul>\r\n<\/li>\r\n<\/ul>\r\n<p>&nbsp;<\/p>\r\n<ul>\r\n<li style=\"list-style-type: none\">\r\n<ul>\r\n<li><strong>Grupos peque\u00f1os<\/strong>, asegurando una experiencia personalizada<\/li>\r\n<\/ul>\r\n<\/li>\r\n<\/ul>\r\n<p>&nbsp;<\/p>\r\n<ul>\r\n<li style=\"list-style-type: none\">\r\n<ul>\r\n<li><strong>Disponible durante todo el a\u00f1o<\/strong><\/li>\r\n<\/ul>\r\n<\/li>\r\n<\/ul>\r\n<p>&nbsp;<\/p>\r\n<ul>\r\n<li style=\"list-style-type: none\">\r\n<ul>\r\n<li><strong>Salidas<\/strong>: lunes. miercoles y Viernes a las 09:30 hrs<\/li>\r\n<\/ul>\r\n<\/li>\r\n<\/ul>\r\n<p>&nbsp;<\/p>\r\n<ul>\r\n<li style=\"list-style-type: none\">\r\n<ul>\r\n<li><strong>Punto de salida<\/strong>: Santander<\/li>\r\n<\/ul>\r\n<\/li>\r\n<\/ul>\r\n<p>&nbsp;<\/p>\r\n<ul>\r\n<li style=\"list-style-type: none\">\r\n<ul>\r\n<li><strong>Idiomas<\/strong>: Espa\u00f1ol e Ingl\u00e9s<\/li>\r\n<\/ul>\r\n<\/li>\r\n<\/ul>\r\n<p>&nbsp;<\/p>\r\n<p>\u00a1No te pierdas la oportunidad de explorar el fascinante <strong>Comillas<\/strong> y sumergirte en el legado del modernismo catal\u00e1n en Cantabria! Reserva tu plaza y disfruta de una experiencia \u00fanica e inolvidable.<\/p>","v2-resumen":"Descubre Comillas, el \u00fanico pueblo modernista de Cantabria, en una excursi\u00f3n de medio d\u00eda. Visita el impresionante Palacio de Sobrellano, obra neog\u00f3tica con vistas al Antiguo Seminario Mayor, y el ic\u00f3nico Capricho de Gaud\u00ed, una de sus primeras construcciones modernistas. Recorreremos el pueblo, explorando el cementerio viejo, la Casa de la Duquesa y el monumento a Antonio L\u00f3pez, antes de regresar a Santander a trav\u00e9s de pintorescos pueblos costeros.","_links":{"self":[{"href":"https:\/\/anearcantabria.com\/fr\/wp-json\/wp\/v2\/tours\/2860","targetHints":{"allow":["GET"]}}],"collection":[{"href":"https:\/\/anearcantabria.com\/fr\/wp-json\/wp\/v2\/tours"}],"about":[{"href":"https:\/\/anearcantabria.com\/fr\/wp-json\/wp\/v2\/types\/tours"}],"author":[{"embeddable":true,"href":"https:\/\/anearcantabria.com\/fr\/wp-json\/wp\/v2\/users\/11"}],"wp:featuredmedia":[{"embeddable":true,"href":"https:\/\/anearcantabria.com\/fr\/wp-json\/wp\/v2\/media\/2854"}],"wp:attachment":[{"href":"https:\/\/anearcantabria.com\/fr\/wp-json\/wp\/v2\/media?parent=2860"}],"wp:term":[{"taxonomy":"idioma-tour","embeddable":true,"href":"https:\/\/anearcantabria.com\/fr\/wp-json\/wp\/v2\/idioma-tour?post=2860"},{"taxonomy":"actividades","embeddable":true,"href":"https:\/\/anearcantabria.com\/fr\/wp-json\/wp\/v2\/actividades?post=2860"},{"taxonomy":"localizaciones","embeddable":true,"href":"https:\/\/anearcantabria.com\/fr\/wp-json\/wp\/v2\/localizaciones?post=2860"}],"curies":[{"name":"wp","href":"https:\/\/api.w.org\/{rel}","templated":true}]}}